{"id":8233,"date":"2025-04-04T02:46:35","date_gmt":"2025-04-04T00:46:35","guid":{"rendered":"https:\/\/gadex.es\/?page_id=8233"},"modified":"2025-05-01T17:39:46","modified_gmt":"2025-05-01T15:39:46","slug":"addiccio-a-les-compres","status":"publish","type":"page","link":"https:\/\/gadex.es\/ca\/tractaments-psicologics\/psicologia-clinica\/addiccio-a-les-compres\/","title":{"rendered":"Addicci\u00f3 a les compres"},"content":{"rendered":"\n<h2 class=\"wp-block-heading\">Compres compulsives<\/h2>\n\n\n\n<p><strong>En la societat actual, el consum de materials o objectes s\u2019ha convertit en un s\u00edmbol d\u2019estatus<\/strong>. Comprar pot ser una activitat quotidiana per a molta gent, per\u00f2 en el cas d\u2019aquelles persones amb addicci\u00f3 a les compres, existeix una&nbsp;<strong>necessitat exagerada i irrefrenable per comprar<\/strong>. Aquestes persones es mostren&nbsp;<strong>incapaces de controlar un fort impuls al consum, el que sol dominar les seves vides i comportar greus conseq\u00fc\u00e8ncies<\/strong>.<\/p>\n\n\n\n<p>En l\u2019<strong>addicci\u00f3 a les compres es solen comprar quasi sempre coses que s\u00f3n innecess\u00e0ries<\/strong>, objectes que es solen guardar, es regalen, es col\u00b7leccionen\u2026 i que solen oblidar-se r\u00e0pid. La gratificaci\u00f3 que es produeix prov\u00e9 no de la utilitat dels productes obtinguts, sin\u00f3 del propi proc\u00e9s.&nbsp;<strong>El que importa no \u00e9s el que es compra, sin\u00f3 comprar<\/strong>.<\/p>\n\n\n\n<h2 class=\"wp-block-heading\">Les principals caracter\u00edstiques d\u2019aquesta addicci\u00f3 s\u00f3n:<\/h2>\n\n\n\n<ul class=\"wp-block-list\">\n<li>\n<ul class=\"wp-block-list\">\n<li>La repetici\u00f3 insistent de la conducta de comprar<\/li>\n\n\n\n<li>Les compres s\u00f3n excessives<\/li>\n\n\n\n<li>El que s\u2019obt\u00e9 \u00e9s innecessari<\/li>\n\n\n\n<li>La persona \u00e9s conscient d\u2019aix\u00f2 per\u00f2 no pot impedir ni controlar l\u2019impuls a fer-ho.<\/li>\n<\/ul>\n<\/li>\n<\/ul>\n\n\n\n<p>Normalment, el proc\u00e9s sol seguir una&nbsp;<strong>seq\u00fc\u00e8ncia<\/strong>:<\/p>\n\n\n\n<ol class=\"wp-block-list\">\n<li>S\u2019experimenta un estat d\u2019\u00e0nim disf\u00f2ric (irritabilitat, nerviosisme\u2026)<\/li>\n\n\n\n<li>S\u2019experimenta un impuls irresistible per comprar. \u00c9s una fase euf\u00f2rica i d\u2019excitaci\u00f3 davant les expectatives de comprar. Es produeix una sensaci\u00f3 de benestar en que la persona es percep amb el control de la decisi\u00f3<\/li>\n\n\n\n<li>S\u2019adquireixen els objectes innecessaris<\/li>\n\n\n\n<li>Es sent un arrepentiment pels diners gastats i per la p\u00e8rdua de control<\/li>\n\n\n\n<li>Es repeteix el cicle per superar el malestar<\/li>\n<\/ol>\n\n\n\n<p><em>Solen apar\u00e8ixer intents per resistir l\u2019impuls, per\u00f2 el m\u00e9s com\u00fa \u00e9s que fallin.<\/em><strong>&nbsp;<\/strong><\/p>\n\n\n\n<p>Els<strong>&nbsp;s\u00edmptomes<\/strong>&nbsp;que solen apar\u00e8ixer en les persones amb addicci\u00f3 a les compres s\u00f3n:<\/p>\n\n\n\n<ul class=\"wp-block-list\">\n<li>\n<ul class=\"wp-block-list\">\n<li>Estat d\u2019\u00e0nim alterat<\/li>\n\n\n\n<li>Ansietat<\/li>\n\n\n\n<li>Irritabilitat<\/li>\n\n\n\n<li>Nerviosisme<\/li>\n\n\n\n<li>Insomni<\/li>\n\n\n\n<li>Agitaci\u00f3<\/li>\n\n\n\n<li>Baixa autoestima<\/li>\n\n\n\n<li>Falta d\u2019autocontrol i impulsivitat<\/li>\n\n\n\n<li>Problemes de parella, econ\u00f2mics i familiars<\/li>\n\n\n\n<li>Estats depressius o depressi\u00f3<\/li>\n<\/ul>\n<\/li>\n<\/ul>\n\n\n\n<p><em>La depressi\u00f3 pr\u00e8via pot ser un factor de predisposici\u00f3 a aquesta addicci\u00f3, aix\u00ed com tamb\u00e9 una conseq\u00fc\u00e8ncia. S\u2019estima que el 8% de persones amb depressi\u00f3 poden presentar tamb\u00e9 s\u00edmptomes de compra compulsiva.<\/em><\/p>\n\n\n\n<p>Tamb\u00e9, l\u2019addicci\u00f3 a les compres sol estar associada amb trastorns de la conducta aliment\u00e0ria (sobretot bul\u00edmia, obesitat i sobreingesta compulsiva) i ab\u00fas de subst\u00e0ncies.<\/p>\n\n\n\n<p>Algunes de les&nbsp;<strong>circumst\u00e0ncies<\/strong>&nbsp;que poden facilitar i que constitueixen un&nbsp;<strong>factor de risc<\/strong>&nbsp;per a que una persona desenvolupi una addicci\u00f3 a les compres s\u00f3n:<\/p>\n\n\n\n<ul class=\"wp-block-list\">\n<li>\n<ul class=\"wp-block-list\">\n<li>Allunyament de la fam\u00edlia<\/li>\n\n\n\n<li>La solitud<\/li>\n\n\n\n<li>La insatisfacci\u00f3 amb la parella<\/li>\n\n\n\n<li>La insatisfacci\u00f3 amb el treball<\/li>\n<\/ul>\n<\/li>\n<\/ul>\n\n\n\n<h2 class=\"wp-block-heading\"><em>Conseq\u00fc\u00e8ncies<\/em><\/h2>\n\n\n\n<p>Les conseq\u00fc\u00e8ncies d\u2019aquest trastorn solen ser&nbsp;<strong>molt negatives<\/strong>; poden haver deutes, problemes amb la just\u00edcia (estafes, furts\u2026), ru\u00efna, deteriorament de les relacions interpersonals, solitud, divorci i intents de suicidi.<\/p>\n\n\n\n<h2 class=\"wp-block-heading\"><em>Epidemiolog\u00eda<\/em><\/h2>\n\n\n\n<p>Sol ser m\u00e9s freq\u00fcent entre dones (80%). L\u2019inici sol situar-se entorn els 18 anys, sent la mitja d\u2019edat de les persones amb problemes d\u2019addicci\u00f3 a les compres, els 31 anys.<\/p>\n\n\n\n<p>El nivell cultural d\u2019aquestes persones sol ser mig-alt.<\/p>\n","protected":false},"excerpt":{"rendered":"<p>Compres compulsives En la societat actual, el consum de materials o objectes s\u2019ha convertit en un s\u00edmbol d\u2019estatus. Comprar pot ser una activitat quotidiana per a molta gent, per\u00f2 en el cas d\u2019aquelles persones amb addicci\u00f3 a les compres, existeix una&nbsp;necessitat exagerada i irrefrenable per comprar. Aquestes persones es mostren&nbsp;incapaces de controlar un fort impuls &#8230; <a title=\"Addicci\u00f3 a les compres\" class=\"read-more\" href=\"https:\/\/gadex.es\/ca\/tractaments-psicologics\/psicologia-clinica\/addiccio-a-les-compres\/\" aria-label=\"M\u00e9s informaci\u00f3 sobre Addicci\u00f3 a les compres\">Read More<\/a><\/p>\n","protected":false},"author":1,"featured_media":0,"parent":8195,"menu_order":3,"comment_status":"closed","ping_status":"closed","template":"","meta":{"footnotes":""},"class_list":["post-8233","page","type-page","status-publish"],"_links":{"self":[{"href":"https:\/\/gadex.es\/ca\/wp-json\/wp\/v2\/pages\/8233","targetHints":{"allow":["GET"]}}],"collection":[{"href":"https:\/\/gadex.es\/ca\/wp-json\/wp\/v2\/pages"}],"about":[{"href":"https:\/\/gadex.es\/ca\/wp-json\/wp\/v2\/types\/page"}],"author":[{"embeddable":true,"href":"https:\/\/gadex.es\/ca\/wp-json\/wp\/v2\/users\/1"}],"replies":[{"embeddable":true,"href":"https:\/\/gadex.es\/ca\/wp-json\/wp\/v2\/comments?post=8233"}],"version-history":[{"count":1,"href":"https:\/\/gadex.es\/ca\/wp-json\/wp\/v2\/pages\/8233\/revisions"}],"predecessor-version":[{"id":8238,"href":"https:\/\/gadex.es\/ca\/wp-json\/wp\/v2\/pages\/8233\/revisions\/8238"}],"up":[{"embeddable":true,"href":"https:\/\/gadex.es\/ca\/wp-json\/wp\/v2\/pages\/8195"}],"wp:attachment":[{"href":"https:\/\/gadex.es\/ca\/wp-json\/wp\/v2\/media?parent=8233"}],"curies":[{"name":"wp","href":"https:\/\/api.w.org\/{rel}","templated":true}]}}